{"id":232,"date":"2013-01-28T01:34:29","date_gmt":"2013-01-28T00:34:29","guid":{"rendered":"http:\/\/tic.cegepat.qc.ca\/mireille\/?page_id=232"},"modified":"2015-03-04T03:36:52","modified_gmt":"2015-03-04T02:36:52","slug":"gouvernement-du-quebec","status":"publish","type":"page","link":"https:\/\/tic.cegepat.qc.ca\/mireilletts\/gouvernement-du-quebec\/","title":{"rendered":"Gouvernement du Qu\u00e9bec"},"content":{"rendered":"<table border=\"0\" width=\"640\" cellspacing=\"10\" cellpadding=\"6\" align=\"center\">\n<tbody>\n<tr bgcolor=\"#FFFFFF\">\n<td valign=\"top\" width=\"150\" height=\"75\">\n<div align=\"left\"><span style=\"color: #3366ff\"><strong>Portail du<\/strong> <\/span><a href=\"http:\/\/www.gouv.qc.ca\/portail\/quebec\/pgs?lang=fr\" target=\"_blank\">Gouvernement du Qu\u00e9bec <\/a><\/div>\n<\/td>\n<td valign=\"top\" width=\"597\">\n<p align=\"justify\">Page d&rsquo;accueil du gouvernement du Qu\u00e9bec. Vous y trouverez beaucoup d&rsquo;entr\u00e9es int\u00e9ressantes pour les cours et vos travaux, surtout dans la colonne de gauche dans les th\u00e8mes suivants:<\/p>\n<\/td>\n<\/tr>\n<tr bgcolor=\"#FFFFFF\">\n<td colspan=\"2\" valign=\"middle\" height=\"32\">\n<hr noshade=\"noshade\" size=\"5\" \/>\n<p><img loading=\"lazy\" decoding=\"async\" src=\"http:\/\/cegepat.qc.ca\/mireilletts\/La_Boite_outils\/Boutons.gif\" alt=\"\" width=\"15\" height=\"15\" \/>\u00a0<strong><span style=\"color: #3366ff\">Les minist\u00e8res qu\u00e9b\u00e9cois<\/span><\/strong><\/td>\n<\/tr>\n<tr bgcolor=\"#FFFFFF\">\n<td valign=\"top\" height=\"60\">\n<div align=\"justify\"><\/div>\n<div align=\"justify\">Minist\u00e8re de la <a href=\"http:\/\/www.mfa.gouv.qc.ca\/fr\/Pages\/index.aspx\" target=\"_blank\">Famille<\/a><\/div>\n<div align=\"justify\"><\/div>\n<\/td>\n<td valign=\"top\">\n<p align=\"justify\">Sur ce site, vous trouverez un guide sur les programmes et services gouvernementaux pour les familles et les enfants.<\/p>\n<p align=\"justify\">Aussi de l&rsquo;information sur les probl\u00e9matiques et les r\u00e9alit\u00e9s de vie des ain\u00e9s<\/p>\n<\/td>\n<\/tr>\n<tr bgcolor=\"#FFFFFF\">\n<td valign=\"top\">Minist\u00e8re de la <a href=\"http:\/\/www.justice.gouv.qc.ca\/francais\/accueil.asp\" target=\"_blank\">Justice<\/a> du Qu\u00e9bec<\/td>\n<td valign=\"top\">Beaucoup d&rsquo;information juridiques de toutes sortes.<\/td>\n<\/tr>\n<tr bgcolor=\"#FFFFFF\">\n<td valign=\"top\">Minist\u00e8re de la Sant\u00e9 et des <a href=\"http:\/\/www.msss.gouv.qc.ca\/index.php\" target=\"_blank\">services sociaux<\/a><\/td>\n<td valign=\"top\">\n<div align=\"justify\">Un incontournable lorsqu&rsquo;on veut en savoir plus sur les probl\u00e8mes sociaux li\u00e9s \u00e0 la sant\u00e9 et au bien-\u00eatre et les politiques sociales dans ce domaine au Qu\u00e9bec. C\u2019est un site tr\u00e8s complet qu\u2019il faut fouiller. Les onglets \u00abPublications\u00bb, \u00abDocumentations\u00bb et bien s\u00fbr \u00abProbl\u00e8mes sociaux\u00bb sont prometteurs de trouvailles.<\/div>\n<\/td>\n<\/tr>\n<tr bgcolor=\"#FFFFFF\">\n<td valign=\"top\">Minist\u00e8re de l&rsquo;Emploi, de la <a href=\"http:\/\/www.mess.gouv.qc.ca\/\" target=\"_blank\">solidarit\u00e9 sociale<\/a> et de la famille<\/td>\n<td valign=\"top\">\n<div align=\"justify\">Bon! Que dire avec un nom aussi ronflant que faux (il faut m\u00e9conna\u00eetre le sens du concept de solidarit\u00e9 sociale pour l&rsquo;attribuer \u00e0 ce minist\u00e8re). Cependant, on peut \u00eatre appel\u00e9 \u00e0 le consulter afin de se renseigner \u00e0 la source sur la fa\u00e7on dont on traite la pauvret\u00e9 au Gouvernement du Qu\u00e9bec. \u00c9difiant&#8230; :(( Donc, pour en savoir plus sur la pauvret\u00e9, les probl\u00e8mes li\u00e9s \u00e0 la famille (statistiques et autres donn\u00e9es) et&#8230; les \u00ab\u00a0solutions\u00a0\u00bb apport\u00e9es par l\u2019\u00c9tat qu\u00e9b\u00e9cois.<\/div>\n<\/td>\n<\/tr>\n<tr bgcolor=\"#FFFFFF\">\n<td colspan=\"2\" valign=\"top\">\n<hr noshade=\"noshade\" size=\"5\" \/>\n<p><img loading=\"lazy\" decoding=\"async\" src=\"http:\/\/cegepat.qc.ca\/mireilletts\/La_Boite_outils\/Boutons.gif\" alt=\"\" width=\"15\" height=\"15\" \/><strong><span style=\"color: #3366ff\">Organismes conseils du gouvernement du Qu\u00e9bec<\/span><\/strong><\/td>\n<\/tr>\n<tr bgcolor=\"#FFFFFF\">\n<td colspan=\"2\" valign=\"bottom\" height=\"34\">\n<div align=\"justify\">Les pages de ces organismes sont une source inestimable de renseignements et de statistiques r\u00e9centes, pr\u00e9sent\u00e9es entre autres sous forme d\u2019avis et de m\u00e9moire (souvent t\u00e9l\u00e9chargeable gratuitement) sur une foule de probl\u00e8mes sociaux qu\u00e9b\u00e9cois. Qu\u2019il s\u2019agisse de probl\u00e9matiques jeunesse (enfants, adolescent ou jeunes adultes) ou encore concernant les femmes, la famille, la sant\u00e9 et le bien-\u00eatre ou des probl\u00e9matiques sp\u00e9cifiques telles que la toxicomanie, chacun dans son domaine est une mine d\u2019informations. \u00c0 noter que bien qu&rsquo;ils soient mandat\u00e9s par l&rsquo;\u00c9tat qu\u00e9b\u00e9cois pour le conseiller ou pour surveiller la r\u00e9lisation de certaines de ses missions, ce sont des organismes ind\u00e9pendants.<\/div>\n<\/td>\n<\/tr>\n<tr bgcolor=\"#FFFFFF\">\n<td colspan=\"2\" valign=\"top\"><a href=\"http:\/\/www.cdpdj.qc.ca\/fr\/accueil.asp?noeud1=0&amp;noeud2=0&amp;cle=0\" target=\"_blank\">Commission<\/a> des droits de la personne et de la jeunesse (CDPJ)<\/td>\n<\/tr>\n<tr bgcolor=\"#FFFFFF\">\n<td colspan=\"2\" valign=\"top\"><a href=\"http:\/\/www.csf.gouv.qc.ca\/fr\/accueil\/\" target=\"_blank\">Conseil<\/a> du statut de la femme (CSF)<\/td>\n<\/tr>\n<tr bgcolor=\"#FFFFFF\">\n<td colspan=\"2\" valign=\"top\"><a href=\"http:\/\/www.csbe.gouv.qc.ca\/site\/accueil.phtml\" target=\"_blank\">Conseil<\/a> de la sant\u00e9 et du bien-\u00eatre (CSBE)<\/td>\n<\/tr>\n<tr bgcolor=\"#FFFFFF\">\n<td colspan=\"2\" valign=\"top\"><a href=\"http:\/\/www.inspq.qc.ca\/\" target=\"_blank\">Institut national<\/a> de sant\u00e9 publique<\/td>\n<\/tr>\n<tr bgcolor=\"#FFFFFF\">\n<td colspan=\"2\" valign=\"top\" height=\"28\">Office des <a href=\"http:\/\/www.ophq.gouv.qc.ca\/\" target=\"_blank\">personnes handicap\u00e9es<\/a><\/td>\n<\/tr>\n<tr bgcolor=\"#FFFFFF\">\n<td colspan=\"2\" valign=\"top\">Office de la <a href=\"http:\/\/www.opc.gouv.qc.ca\/\" target=\"_blank\">protection du consommateur<\/a><\/td>\n<\/tr>\n<tr bgcolor=\"#FFFFFF\">\n<td colspan=\"2\" valign=\"top\">Secr\u00e9tariat \u00e0 la <a href=\"http:\/\/www.scf.gouv.qc.ca\/\" target=\"_blank\">condition f\u00e9minine<\/a><\/td>\n<\/tr>\n<tr bgcolor=\"#FFFFFF\">\n<td colspan=\"2\" valign=\"top\">Secr\u00e9tariat \u00e0 la <a href=\"http:\/\/www.jeunes.gouv.qc.ca\/\" target=\"_blank\">jeunesse<\/a><\/td>\n<\/tr>\n<tr bgcolor=\"#FFFFFF\">\n<td colspan=\"2\" valign=\"top\"><a href=\"http:\/\/www.protecteurducitoyen.qc.ca\/\" target=\"_blank\">Protecteur du citoyen<\/a><\/td>\n<\/tr>\n<tr bgcolor=\"#FFFFFF\">\n<td colspan=\"2\" valign=\"top\"><a href=\"http:\/\/www.vgq.gouv.qc.ca\/\" target=\"_blank\">V\u00e9rificateur g\u00e9n\u00e9ral<\/a> du Qu\u00e9bec<\/td>\n<\/tr>\n<tr bgcolor=\"#FFFFFF\">\n<td colspan=\"2\" valign=\"top\"><\/td>\n<\/tr>\n<tr bgcolor=\"#FFFFFF\">\n<td colspan=\"2\" valign=\"top\"><\/td>\n<\/tr>\n<tr bgcolor=\"#FFFFFF\">\n<td colspan=\"2\" valign=\"top\">\n<hr noshade=\"noshade\" size=\"5\" \/>\n<p><img loading=\"lazy\" decoding=\"async\" src=\"http:\/\/cegepat.qc.ca\/mireilletts\/La_Boite_outils\/Boutons.gif\" alt=\"\" width=\"15\" height=\"15\" \/><strong><span style=\"color: #3366ff\">Autres pages int\u00e9ressantes au Gouvernement du Qu\u00e9bec<\/span><\/strong><\/td>\n<\/tr>\n<tr bgcolor=\"#FFFFFF\">\n<td valign=\"top\" height=\"75\"><a href=\"http:\/\/www.stat.gouv.qc.ca\/\" target=\"_blank\">Institut<\/a> de la Statistique du Qu\u00e9bec<\/td>\n<td valign=\"top\" height=\"75\">Le Qu\u00e9bec en chiffres. Des statistiques de toutes sortes pour vos travaux!Aussi, vous pouvez consulter un <a href=\"http:\/\/www.bdso.gouv.qc.ca\/pls\/ken\/iwae.proc_acce?p_temp_bran=ISQ\" target=\"_blank\">moteur de recherche<\/a> sur le site de l&rsquo;Institut. Entrez un ou des mots cl\u00e9s&#8230; Qui sait ce que vous trouverez?<\/td>\n<\/tr>\n<tr bgcolor=\"#FFFFFF\">\n<td valign=\"top\" height=\"75\"><a href=\"http:\/\/www4.gouv.qc.ca\/FR\/Portail\/Citoyens\/Pages\/accueil.aspx?pgs\" target=\"_blank\">Programmes et services<\/a><\/td>\n<td valign=\"top\" height=\"75\">En fait un tour d&rsquo;horizon rapide.<\/td>\n<\/tr>\n<tr bgcolor=\"#FFFFFF\">\n<td valign=\"top\" height=\"75\"><a href=\"http:\/\/www.gouv.qc.ca\/FR\/VotreGouvernement\/Pages\/MinisteresOrganismes.aspx?pgs\" target=\"_blank\">Minist\u00e8res et organismes<\/a><\/td>\n<td valign=\"top\" height=\"75\">\n<div align=\"justify\">Pour trouver un Minist\u00e8re ou un organisme. Le classement par ordre alpahb\u00e9tique permet de tous les visualiser et d&rsquo;aller visiter ceux qui nous int\u00e9ressent. \u00c7a vaut la peine d&rsquo;y aller puisqu&rsquo;il est difficile de tous les r\u00e9pertorier ici.<\/div>\n<\/td>\n<\/tr>\n<tr bgcolor=\"#FFFFFF\">\n<td valign=\"top\" height=\"75\"><a href=\"http:\/\/www3.publicationsduquebec.gouv.qc.ca\/loisreglements.fr.html?liens_fr\" target=\"_blank\">Lois et r\u00e8glements <\/a>du Qu\u00e9bec<\/td>\n<td valign=\"top\" height=\"75\">\n<div align=\"justify\">\u00c0 consulter pour aller chercher une loi comme l&rsquo;exige par exemple vos travaux en \u00ab\u00a0Politiques sociales et pratiques sociale\u00a0\u00bb ou en \u00ab\u00a0L\u00e9gislations sociales et pratiques sociales.\u00a0\u00bb<\/div>\n<\/td>\n<\/tr>\n<tr bgcolor=\"#FFFFFF\">\n<td valign=\"top\" height=\"75\"><a href=\"http:\/\/www.gouv.qc.ca\/FR\/LeQuebec\/Pages\/Accueil.aspx?pgs\" target=\"_blank\">Portrait du Qu\u00e9bec <\/a><\/td>\n<td valign=\"top\" height=\"75\">\n<div align=\"justify\">Dans le portail du Gouvernement du Qu\u00e9bec \u00ab\u00a0Portrait du Qu\u00e9bec\u00a0\u00bb comportent plusieurs entr\u00e9es sur des th\u00e8mes forts pertinents en travail social. \u00c0 voir!<\/div>\n<\/td>\n<\/tr>\n<tr bgcolor=\"#FFFFFF\">\n<td valign=\"top\" height=\"75\"><a href=\"http:\/\/www.gouv.qc.ca\/FR\/LeQuebec\/Pages\/Sant%C3%A9-et-services-sociaux.aspx\">Sant\u00e9<\/a> et <a href=\"http:\/\/www.gouv.qc.ca\/FR\/LeQuebec\/Pages\/%C3%89ducation.aspx\" target=\"_blank\">\u00c9ducation<\/a> au Qu\u00e9bec<\/p>\n<p>&nbsp;<\/p>\n<p><a href=\"http:\/\/www.gouv.qc.ca\/FR\/LeQuebec\/Pages\/Regions.aspx\" target=\"_blank\">Portrait<\/a> des r\u00e9gions<\/p>\n<p>&nbsp;<\/p>\n<p><a href=\"http:\/\/www.gouv.qc.ca\/FR\/LeQuebec\/Pages\/Syst%C3%A8me-politique.aspx\" target=\"_blank\">Syst\u00e8me politique <\/a>au Qu\u00e9bec<\/p>\n<p>&nbsp;<\/td>\n<td valign=\"top\" height=\"75\">Description du r\u00e9seau de la sant\u00e9 et des services sociaux &#8211; ce qu&rsquo;il en reste du moins et autres renseignements pertinents.<\/p>\n<p>On y trouvera toutes les r\u00e9gions du Qu\u00e9bec, dont l&rsquo;Abitibi-T\u00e9miscamingue<\/p>\n<p>&nbsp;<\/p>\n<p>&nbsp;<\/p>\n<p style=\"text-align: right\"><img loading=\"lazy\" decoding=\"async\" class=\"size-full wp-image-62 alignright\" src=\"https:\/\/tic.cegepat.qc.ca\/mireilletts\/files\/2013\/01\/Le_coin_petit.gif\" alt=\"Le_coin_petit\" width=\"158\" height=\"39\" \/><\/p>\n<\/td>\n<\/tr>\n<\/tbody>\n<\/table>\n","protected":false},"excerpt":{"rendered":"<p>Portail du Gouvernement du Qu\u00e9bec <\/p>\n<p>Page d&rsquo;accueil du gouvernement du Qu\u00e9bec. Vous y trouverez beaucoup d&rsquo;entr\u00e9es int\u00e9ressantes pour les cours et vos travaux, surtout dans la colonne de gauche dans les th\u00e8mes suivants:<\/p>\n<p>\u00a0Les minist\u00e8res qu\u00e9b\u00e9cois<\/p>\n<p>Minist\u00e8re de la Famille<\/p>\n<p>Sur ce site, &hellip; <a href=\"https:\/\/tic.cegepat.qc.ca\/mireilletts\/gouvernement-du-quebec\/\">Continuer la lecture <span class=\"meta-nav\">&rarr;<\/span><\/a><\/p>\n","protected":false},"author":9,"featured_media":0,"parent":0,"menu_order":2,"comment_status":"closed","ping_status":"closed","template":"","meta":{"footnotes":""},"class_list":["post-232","page","type-page","status-publish","hentry"],"_links":{"self":[{"href":"https:\/\/tic.cegepat.qc.ca\/mireilletts\/wp-json\/wp\/v2\/pages\/232","targetHints":{"allow":["GET"]}}],"collection":[{"href":"https:\/\/tic.cegepat.qc.ca\/mireilletts\/wp-json\/wp\/v2\/pages"}],"about":[{"href":"https:\/\/tic.cegepat.qc.ca\/mireilletts\/wp-json\/wp\/v2\/types\/page"}],"author":[{"embeddable":true,"href":"https:\/\/tic.cegepat.qc.ca\/mireilletts\/wp-json\/wp\/v2\/users\/9"}],"replies":[{"embeddable":true,"href":"https:\/\/tic.cegepat.qc.ca\/mireilletts\/wp-json\/wp\/v2\/comments?post=232"}],"version-history":[{"count":20,"href":"https:\/\/tic.cegepat.qc.ca\/mireilletts\/wp-json\/wp\/v2\/pages\/232\/revisions"}],"predecessor-version":[{"id":781,"href":"https:\/\/tic.cegepat.qc.ca\/mireilletts\/wp-json\/wp\/v2\/pages\/232\/revisions\/781"}],"wp:attachment":[{"href":"https:\/\/tic.cegepat.qc.ca\/mireilletts\/wp-json\/wp\/v2\/media?parent=232"}],"curies":[{"name":"wp","href":"https:\/\/api.w.org\/{rel}","templated":true}]}}