{"id":95,"date":"2013-01-26T22:11:04","date_gmt":"2013-01-26T21:11:04","guid":{"rendered":"http:\/\/tic.cegepat.qc.ca\/mireille\/?page_id=95"},"modified":"2016-09-19T12:50:58","modified_gmt":"2016-09-19T11:50:58","slug":"outils-en-travail-social","status":"publish","type":"page","link":"https:\/\/tic.cegepat.qc.ca\/mireilletts\/la-boite-a-outils\/outils-en-travail-social\/","title":{"rendered":"Outils en travail social"},"content":{"rendered":"<p align=\"justify\"><span style=\"font-family: Comic Sans MS\"><span style=\"color: #006699;font-size: medium\"><strong>Des grilles utiles en TTS<\/strong><\/span><\/span><\/p>\n<p style=\"padding-left: 30px\" align=\"justify\"><span style=\"color: #339999;font-family: Comic Sans MS\">Quelques outils permettant de cibler rapidement les informations (\u00e9l\u00e9ments descriptifs) permettant de d\u00e9crire soit un probl\u00e8me social, une politique sociale, un champ de pratique en travail social ou encore, une approche d&rsquo;intervention. Pour ce qui est de l&rsquo;analyse d&rsquo;un probl\u00e8me social ou d&rsquo;une politique sociale, ces grilles fournissent quelques pistes utiles.<\/span><\/p>\n<ul>\n<ul>\n<li><a href=\"https:\/\/tic.cegepat.qc.ca\/mireilletts\/files\/2013\/01\/Analyse-probl.-social-2016.pdf\">Grille d&rsquo;analyse d&rsquo;un probl\u00e8me social<\/a>\u00a0<strong><span style=\"color: #ff0000\">(Nouvelle mise \u00e0 jour &#8211; juin 2016)<\/span><\/strong><\/li>\n<li><a href=\"https:\/\/tic.cegepat.qc.ca\/mireilletts\/files\/2013\/01\/Analyse-pol.-soc._petit-2016.pdf\">Grille d&rsquo;analyse d&rsquo;une politique sociale 2016<\/a> <strong><span style=\"color: #ff0000\">(Nouvelle mise \u00e0 jour<strong><span style=\"color: #ff0000\">&#8211; juin 2016<\/span><\/strong>)<\/span><\/strong><\/li>\n<li><a href=\"https:\/\/tic.cegepat.qc.ca\/mireilletts\/files\/2013\/01\/E\u0301le\u0301m-descrip_ch-pratique-2016.pdf\">Grllle descriptive d&rsquo;un champ de pratique 2016<\/a> <strong><span style=\"color: #ff0000\">(Nouvelle mise \u00e0 jour<strong><span style=\"color: #ff0000\">&#8211; juin 2016<\/span><\/strong>)<\/span><\/strong><\/li>\n<li><a href=\"https:\/\/tic.cegepat.qc.ca\/mireilletts\/files\/2013\/01\/Elemdescrip_app.pdf\">Grille descriptive d&rsquo;une approche d&rsquo;intervention<\/a><\/li>\n<\/ul>\n<\/ul>\n<p align=\"justify\"><span style=\"font-family: Comic Sans MS\"><span style=\"color: #006699;font-size: medium\"><strong>Les plans en TTS<\/strong><\/span><\/span><\/p>\n<p style=\"padding-left: 30px\" align=\"justify\"><span style=\"color: #339999;font-family: Comic Sans MS\">La planification (de l&rsquo;action ou de l&rsquo;intervention, de projet de tout ordre, de travail, etc.) est inh\u00e9rente au travail social. Ici on trouvera une courte description des diff\u00e9rents types de plan fr\u00e9quemment utilis\u00e9s en travail social et des gabarits \u00e0 reproduire.<\/span><\/p>\n<ul>\n<ul>\n<li><span style=\"color: #009999;font-family: Comic Sans MS\"><strong><a href=\"https:\/\/tic.cegepat.qc.ca\/mireilletts\/files\/2013\/01\/PSCV2_Les-plans.pdf\">Les plans<\/a>: Une diff\u00e9renciation<\/strong> <\/span><span style=\"font-family: Comic Sans MS\"> <span style=\"color: #ff0000;font-family: SF Espionage Heavy,Cochin,Comic Sans MS\">(pdf)<\/span><\/span><\/li>\n<li><span style=\"color: #009999;font-family: Comic Sans MS\"><strong>Gabarit de\u00a0<a href=\"https:\/\/tic.cegepat.qc.ca\/mireilletts\/files\/2013\/01\/PlanTrav-Gabarit.doc\">plan de travail<\/a>\u00a0<\/strong><\/span><span style=\"font-family: Comic Sans MS\">ou \u00e9ch\u00e9ancier <span style=\"color: #ff0000\">-Hiver 2014\u00a0<\/span><span style=\"color: #ff0000;font-family: SF Espionage Heavy,Cochin,Comic Sans MS\">(word) <strong>et en format <a href=\"https:\/\/tic.cegepat.qc.ca\/mireilletts\/files\/2013\/01\/PlanTrav-Gabarit.pdf\">pdf<\/a><br \/>\n<\/strong><\/span><\/span><\/li>\n<li><span style=\"color: #339999;font-family: Comic Sans MS\">Un\u00a0<strong>plan de travail<\/strong>\u00a0(ou \u00e9ch\u00e9ancier) avec aide m\u00e9moire pour b\u00e2tir un <\/span><span style=\"font-family: Comic Sans MS\">dossier<strong> ET<\/strong> un d\u00e9pliant d&rsquo;infos<\/span><span style=\"color: #339999;font-family: Comic Sans MS\"> sur un probl\u00e8me social <\/span><span style=\"font-family: Comic Sans MS\"><span style=\"color: #339999;font-family: Comic Sans MS\"><span style=\"color: #006699\"><span style=\"color: #ff0000;font-family: SF Espionage Heavy\"> -Automne 2015<\/span><\/span><\/span><\/span>\u00a0<span style=\"color: #339999;font-family: Comic Sans MS\"><span style=\"font-family: Comic Sans MS\"><span style=\"color: #006699\"><span style=\"color: #ff0000;font-family: SF Espionage Heavy\">(pdf)<\/span><\/span><\/span><\/span><\/li>\n<\/ul>\n<\/ul>\n<ul>\n<ul>\n<li><span style=\"color: #009999;font-family: Comic Sans MS\"><a href=\"https:\/\/tic.cegepat.qc.ca\/mireilletts\/files\/2013\/01\/Gabarit_pl_action_2013.docx\">Gabarit de plan d&rsquo;action_2013<\/a>\u00a0<\/span><span style=\"font-family: Comic Sans MS\"><span style=\"color: #ff0000;font-family: SF Espionage Heavy,Cochin,Comic Sans MS\">(word, version 2013)<\/span><\/span><\/li>\n<li><span style=\"color: #009999;font-family: Comic Sans MS\"><a href=\"https:\/\/tic.cegepat.qc.ca\/mireilletts\/files\/2013\/01\/Gabarit_pl_action_2013.pdf\">Gabarit de plan d&rsquo;action<\/a>_2013<\/span><span style=\"font-family: Comic Sans MS\"> <span style=\"color: #ff0000;font-family: SF Espionage Heavy,Cochin,Comic Sans MS\">(pdf)<\/span><\/span><\/li>\n<li><a href=\"https:\/\/tic.cegepat.qc.ca\/mireilletts\/files\/2013\/01\/Ex_PlanTravEcrit.pdf\">Plan de travail \u00e9crit d\u00e9taill\u00e9<\/a>: <span style=\"color: #009999;font-family: Comic Sans MS\"> <strong>Un exemple<\/strong> <\/span><span style=\"font-family: Comic Sans MS\"> <span style=\"color: #ff0000;font-family: SF Espionage Heavy,Cochin,Comic Sans MS\">&#8211; novembre 2007 (pdf) <\/span><\/span><\/li>\n<\/ul>\n<\/ul>\n<p align=\"justify\"><span style=\"font-family: Comic Sans MS\"><span style=\"color: #006699;font-size: medium\"><strong>Un guide pour la\u00a0<a href=\"https:\/\/tic.cegepat.qc.ca\/mireilletts\/files\/2013\/01\/Formul_objectif.pdf\">formulation d&rsquo;objectifs<\/a> <\/strong><\/span><span style=\"color: #006699\"><strong><span style=\"color: #ff0000;font-family: SF Espionage Heavy\">(pdf) <span style=\"color: #000000\">et l&rsquo;<a href=\"https:\/\/tic.cegepat.qc.ca\/mireilletts\/files\/2013\/01\/Tableau_escalierVerbes.pdf\">escalier de verbe d&rsquo;action<\/a><\/span><br \/>\n<\/span><\/strong><\/span><\/span><\/p>\n<p style=\"padding-left: 30px\" align=\"justify\"><span style=\"color: #339999;font-family: Comic Sans MS\">Que ce soit pour formuler des objectifs d&rsquo;apprentissage dans le cadre d&rsquo;un stage ou des objectifs d&rsquo;un plan d&rsquo;action ou d&rsquo;intervention, voici un petit document qui vaut la peine d&rsquo;\u00eatre consulter.<\/span><\/p>\n<p align=\"justify\"><span style=\"font-family: Comic Sans MS\"><a href=\"https:\/\/tic.cegepat.qc.ca\/mireilletts\/files\/2013\/01\/Idees_moyenstaches.pdf\">Id\u00e9es de noms<\/a> <span style=\"color: #006699\"><strong>\u00e0 utiliser dans la formulation de moyens et t\u00e2ches <\/strong><\/span><span style=\"font-family: Comic Sans MS\"><span style=\"color: #006699\"><strong><span style=\"color: #ff0000;font-family: SF Espionage Heavy\">(pdf)<\/span><\/strong><\/span><\/span><\/span><\/p>\n<p style=\"padding-left: 30px\" align=\"justify\"><span style=\"font-family: Comic Sans MS\"><span style=\"color: #339999\">Pour formuler les moyens et les t\u00e2ches d&rsquo;un objectif d&rsquo;apprentissage ou de ceux contenus dans un plan d&rsquo;action ou d&rsquo;intervention.<\/span><\/span><\/p>\n<p align=\"justify\"><span style=\"color: #006699;font-size: medium\"><strong>Un guide pour la\u00a0 <a href=\"https:\/\/tic.cegepat.qc.ca\/mireilletts\/files\/2013\/01\/Formulation-question-de-base_v3.pdf\">formulation d&rsquo;une question \u00e9tude_v3<\/a> <\/strong><\/span><span style=\"color: #006699\"><strong><span style=\"color: #ff0000;font-family: SF Espionage Heavy\">(pdf) -mai 2013)<\/span><\/strong><\/span><\/p>\n<p style=\"padding-left: 30px\" align=\"justify\"><span style=\"color: #339999;font-family: Comic Sans MS\">Formuler une question d&rsquo;\u00e9tude qui permettra l&rsquo;analyse d&rsquo;un ph\u00e9nom\u00e8ne n&rsquo;est pas toujours simple. Ce documents donne quelques \u00ab\u00a0trucs\u00a0\u00bb pour se faciliter la vie.<\/span><\/p>\n<p style=\"text-align: right\" align=\"justify\"><a href=\"https:\/\/tic.cegepat.qc.ca\/mireilletts\/files\/2013\/01\/Le_coin_petit.gif\"><img loading=\"lazy\" decoding=\"async\" class=\"alignnone size-full wp-image-62\" src=\"https:\/\/tic.cegepat.qc.ca\/mireilletts\/files\/2013\/01\/Le_coin_petit.gif\" alt=\"Le_coin_petit\" width=\"158\" height=\"39\" \/><\/a><\/p>\n","protected":false},"excerpt":{"rendered":"<p>Des grilles utiles en TTS<br \/>\nQuelques outils permettant de cibler rapidement les informations (\u00e9l\u00e9ments descriptifs) permettant de d\u00e9crire soit un probl\u00e8me social, une politique sociale, un champ de pratique en travail social ou encore, une approche d&rsquo;intervention. Pour ce qui est &hellip; <a href=\"https:\/\/tic.cegepat.qc.ca\/mireilletts\/la-boite-a-outils\/outils-en-travail-social\/\">Continuer la lecture <span class=\"meta-nav\">&rarr;<\/span><\/a><\/p>\n","protected":false},"author":9,"featured_media":0,"parent":74,"menu_order":3,"comment_status":"closed","ping_status":"closed","template":"onecolumn-page.php","meta":{"footnotes":""},"class_list":["post-95","page","type-page","status-publish","hentry"],"_links":{"self":[{"href":"https:\/\/tic.cegepat.qc.ca\/mireilletts\/wp-json\/wp\/v2\/pages\/95","targetHints":{"allow":["GET"]}}],"collection":[{"href":"https:\/\/tic.cegepat.qc.ca\/mireilletts\/wp-json\/wp\/v2\/pages"}],"about":[{"href":"https:\/\/tic.cegepat.qc.ca\/mireilletts\/wp-json\/wp\/v2\/types\/page"}],"author":[{"embeddable":true,"href":"https:\/\/tic.cegepat.qc.ca\/mireilletts\/wp-json\/wp\/v2\/users\/9"}],"replies":[{"embeddable":true,"href":"https:\/\/tic.cegepat.qc.ca\/mireilletts\/wp-json\/wp\/v2\/comments?post=95"}],"version-history":[{"count":43,"href":"https:\/\/tic.cegepat.qc.ca\/mireilletts\/wp-json\/wp\/v2\/pages\/95\/revisions"}],"predecessor-version":[{"id":848,"href":"https:\/\/tic.cegepat.qc.ca\/mireilletts\/wp-json\/wp\/v2\/pages\/95\/revisions\/848"}],"up":[{"embeddable":true,"href":"https:\/\/tic.cegepat.qc.ca\/mireilletts\/wp-json\/wp\/v2\/pages\/74"}],"wp:attachment":[{"href":"https:\/\/tic.cegepat.qc.ca\/mireilletts\/wp-json\/wp\/v2\/media?parent=95"}],"curies":[{"name":"wp","href":"https:\/\/api.w.org\/{rel}","templated":true}]}}